{"id":35,"date":"2013-04-02T15:54:49","date_gmt":"2013-04-02T13:54:49","guid":{"rendered":"http:\/\/cdu-peine.de\/moedesse\/de\/?page_id=35"},"modified":"2024-03-02T17:23:47","modified_gmt":"2024-03-02T16:23:47","slug":"feuerwehr","status":"publish","type":"page","link":"https:\/\/www.moedesse.de\/?page_id=35","title":{"rendered":"Feuerwehr"},"content":{"rendered":"\n<p class=\"has-text-align-center\"><strong>Kontaktadresse:<\/strong><\/p>\n\n\n\n<p class=\"has-text-align-center\"><strong>Ortsbrandmeister <\/strong><\/p>\n\n\n\n<p class=\"has-text-align-center\">Nico Heuer <\/p>\n\n\n\n<p class=\"has-text-align-center\">Buchenkamp 1 31234 Edemissen Mobil: 0177-2475150<\/p>\n\n\n\n<p class=\"has-text-align-center\"><strong>stellvertretender Ortsbrandmeister<\/strong><\/p>\n\n\n\n<p class=\"has-text-align-center\">Thomas Grunert<\/p>\n\n\n\n<p class=\"has-text-align-center\">Papenkamp 9 31234 Edemissen Mobil: 0170-4612078<\/p>\n\n\n\n<h2 class=\"wp-block-heading\">Aktuelles <\/h2>\n\n\n\n<p> <\/p>\n\n\n\n<figure class=\"wp-block-image size-full\"><a href=\"https:\/\/moedesse.de\/wp-content\/uploads\/2020\/04\/2020-JHV-6-FW-25.1.-1.jpg\"><img loading=\"lazy\" decoding=\"async\" width=\"1000\" height=\"640\" src=\"https:\/\/moedesse.de\/wp-content\/uploads\/2020\/04\/2020-JHV-6-FW-25.1.-1.jpg\" alt=\"\" class=\"wp-image-1748\" srcset=\"https:\/\/moedesse.de\/wp-content\/uploads\/2020\/04\/2020-JHV-6-FW-25.1.-1.jpg 1000w, https:\/\/moedesse.de\/wp-content\/uploads\/2020\/04\/2020-JHV-6-FW-25.1.-1-300x192.jpg 300w, https:\/\/moedesse.de\/wp-content\/uploads\/2020\/04\/2020-JHV-6-FW-25.1.-1-768x492.jpg 768w, https:\/\/moedesse.de\/wp-content\/uploads\/2020\/04\/2020-JHV-6-FW-25.1.-1-469x300.jpg 469w\" sizes=\"auto, (max-width: 1000px) 100vw, 1000px\" \/><\/a><figcaption class=\"wp-element-caption\">Geehrte und Bef\u00f6rderte JHV 2020<\/figcaption><\/figure>\n\n\n\n<figure class=\"wp-block-image size-full\"><a href=\"https:\/\/moedesse.de\/wp-content\/uploads\/2019\/01\/P1060166-Kopie-2.jpg\"><img loading=\"lazy\" decoding=\"async\" width=\"1019\" height=\"353\" src=\"https:\/\/moedesse.de\/wp-content\/uploads\/2019\/01\/P1060166-Kopie-2.jpg\" alt=\"\" class=\"wp-image-1470\" srcset=\"https:\/\/moedesse.de\/wp-content\/uploads\/2019\/01\/P1060166-Kopie-2.jpg 1019w, https:\/\/moedesse.de\/wp-content\/uploads\/2019\/01\/P1060166-Kopie-2-300x104.jpg 300w, https:\/\/moedesse.de\/wp-content\/uploads\/2019\/01\/P1060166-Kopie-2-768x266.jpg 768w, https:\/\/moedesse.de\/wp-content\/uploads\/2019\/01\/P1060166-Kopie-2-500x173.jpg 500w\" sizes=\"auto, (max-width: 1019px) 100vw, 1019px\" \/><\/a><figcaption class=\"wp-element-caption\">Geehrte und Bef\u00f6rderte JHV 2019<\/figcaption><\/figure>\n\n\n\n<p><strong>aktuelle Info: Zitat aus der PAZ vom 17.05.2018<\/strong><\/p>\n\n\n\n<p><strong>Feuerwehrleute d\u00fcrfen bis 67 Jahre im Einsatz sein<\/strong><\/p>\n\n\n\n<p class=\"has-text-align-center\">&#8222;Die Altersgrenze f\u00fcr aktive Feuerwehrleute in Niedersachsen wird von 63 auf 67 Jahren angehoben. Der Landtag hat am&nbsp; Mittwoch in Hannover der entsprechenden Anpassung des Brandschutzgesetzes zugestimmt. Die Anhebung der Altersgrenze soll den Feuerwehren in den Landstrichen helfen, die vom demografischen Wandel besonders betroffen sind. Feuerwehrleute k\u00f6nnen auf eigenen Wunsch aber auch fr\u00fcher in den Ruhestand.<\/p>\n\n\n\n<p class=\"has-text-align-center\">Das Gesetz sieht zudem f\u00fcr Feuerwehrleute bei Unf\u00e4llen eine bessere Absicherung als bisher vor und weitet Regelungen f\u00fcr Freistellungen oder Entgeltfortzahlungen aus. In Niedersachsen gibt es rund 330 Ortsfeuerwehren mit knapp 125000 ehrenamtlichen Mitgliedern.&#8220;<\/p>\n\n\n\n<p class=\"has-text-align-center\"><strong>R\u00fcckblick<\/strong><\/p>\n\n\n\n<p class=\"has-text-align-center\">Unsere Freiwillige Feuerwehr M\u00f6desse hat tendenziell 100-110 Mitglieder. Davon sind 25-30 Mitglieder, die ihrer ehrenamtlichen T\u00e4tigkeit mit gro\u00dfem Engagement nachgehen, im aktiven Dienst. Seit 2007 hat die M\u00f6desser Wehr auch weibliche Mitglieder. Eine Jugendfeuerwehr gibt es in M\u00f6desse derzeit nicht, die interessierten Kinder und Jugendlichen wirken in der Jugendfeuerwehr Edemissen mit. Die Mitglieder der Freiwilligen Feuerwehr M\u00f6desse nehmen regelm\u00e4\u00dfig an Weiterbildungen und Schulungen teil. So auch zu den Bereichen Atemschutz und Gefahrguttransporte. Die M\u00f6desser Wehr beschr\u00e4nkt ihre T\u00e4tigkeiten jedoch nicht nur auf die Gefahrenabwehr. Sie ist vielmehr auch ein wesentlicher Bestandteil des \u00f6rtlichen Lebens.<\/p>\n\n\n<div class=\"wp-block-image\">\n<figure class=\"aligncenter size-full\"><a href=\"https:\/\/moedesse.de\/wp-content\/uploads\/2013\/04\/droppedImage_11.jpg\"><img loading=\"lazy\" decoding=\"async\" width=\"153\" height=\"145\" src=\"https:\/\/moedesse.de\/wp-content\/uploads\/2013\/04\/droppedImage_11.jpg\" alt=\"\" class=\"wp-image-37\"\/><\/a><\/figure><\/div>\n\n<div class=\"wp-block-image\">\n<figure class=\"aligncenter size-full\"><a href=\"https:\/\/moedesse.de\/wp-content\/uploads\/2013\/04\/droppedImage2.jpg\"><img loading=\"lazy\" decoding=\"async\" width=\"152\" height=\"157\" src=\"https:\/\/moedesse.de\/wp-content\/uploads\/2013\/04\/droppedImage2.jpg\" alt=\"\" class=\"wp-image-36\"\/><\/a><\/figure><\/div>\n\n\n<p class=\"has-text-align-center\">Die R\u00e4umlichkeiten der Freiwilligen Feuerwehr M\u00f6desse sind seit 1997 in das durch Eigenleistung einiger M\u00f6desser neu erbaute Dorfgemeinschaftshaus integriert.<\/p>\n\n\n<div class=\"wp-block-image\">\n<figure class=\"aligncenter size-full\"><a href=\"https:\/\/moedesse.de\/wp-content\/uploads\/2013\/04\/DGH-Ostseite.jpg\"><img loading=\"lazy\" decoding=\"async\" width=\"596\" height=\"398\" src=\"https:\/\/moedesse.de\/wp-content\/uploads\/2013\/04\/DGH-Ostseite.jpg\" alt=\"\" class=\"wp-image-50\" srcset=\"https:\/\/moedesse.de\/wp-content\/uploads\/2013\/04\/DGH-Ostseite.jpg 596w, https:\/\/moedesse.de\/wp-content\/uploads\/2013\/04\/DGH-Ostseite-300x200.jpg 300w\" sizes=\"auto, (max-width: 596px) 100vw, 596px\" \/><\/a><\/figure><\/div>\n\n\n<p class=\"has-text-align-center\">Die angrenzende Wiese bietet ausreichend Raum f\u00fcr \u00dcbungen am Haus und auf dem Platz.<\/p>\n\n\n\n<p class=\"has-text-align-center\"><strong>Sicherung einer Leiter<\/strong><\/p>\n\n\n\n<figure class=\"wp-block-image size-full\"><a href=\"https:\/\/moedesse.de\/wp-content\/uploads\/2018\/09\/IMG-20170705-WA0005.jpg\"><img loading=\"lazy\" decoding=\"async\" width=\"950\" height=\"534\" src=\"https:\/\/moedesse.de\/wp-content\/uploads\/2018\/09\/IMG-20170705-WA0005.jpg\" alt=\"\" class=\"wp-image-1327\" srcset=\"https:\/\/moedesse.de\/wp-content\/uploads\/2018\/09\/IMG-20170705-WA0005.jpg 950w, https:\/\/moedesse.de\/wp-content\/uploads\/2018\/09\/IMG-20170705-WA0005-300x169.jpg 300w, https:\/\/moedesse.de\/wp-content\/uploads\/2018\/09\/IMG-20170705-WA0005-768x432.jpg 768w, https:\/\/moedesse.de\/wp-content\/uploads\/2018\/09\/IMG-20170705-WA0005-500x281.jpg 500w\" sizes=\"auto, (max-width: 950px) 100vw, 950px\" \/><\/a><\/figure>\n\n\n<div class=\"wp-block-image\">\n<figure class=\"aligncenter size-full is-resized\"><a href=\"https:\/\/moedesse.de\/wp-content\/uploads\/2018\/09\/IMG-20170705-WA0011.jpg\"><img loading=\"lazy\" decoding=\"async\" width=\"550\" height=\"977\" src=\"https:\/\/moedesse.de\/wp-content\/uploads\/2018\/09\/IMG-20170705-WA0011.jpg\" alt=\"\" class=\"wp-image-1328\" style=\"width:321px;height:auto\" srcset=\"https:\/\/moedesse.de\/wp-content\/uploads\/2018\/09\/IMG-20170705-WA0011.jpg 550w, https:\/\/moedesse.de\/wp-content\/uploads\/2018\/09\/IMG-20170705-WA0011-169x300.jpg 169w\" sizes=\"auto, (max-width: 550px) 100vw, 550px\" \/><\/a><\/figure><\/div>\n\n\n<p class=\"has-text-align-center\">Auch f\u00fcr andere Veranstaltungen unserer Wehr wird das Dorfgemeinschaftshaus gern genutzt. So wird beispielsweise allj\u00e4hrlich&nbsp;in der Weihnachtszeit ein Skat- und Knobelturnier organisiert, zu dem die gesamte Dorfgemeinschaft, Freunde und andere G\u00e4ste eingeladen sind. Diese Veranstaltung, zu der auch ausw\u00e4rtige Besucher willkommen sind, wird regelm\u00e4\u00dfig gut besucht. Das traditionelle Osterfeuer w\u00e4re ohne die Gew\u00e4hrleistung der Sicherheit durch unsere Freiwillige Feuerwehr wohl kaum m\u00f6glich. Seit 2005 nimmt die Freiwillige Feuerwehr M\u00f6desse mit einer Abordnung an der Kranzniederlegung zum Volkstrauertag teil. Es wird Uniform getragen. Seit 2010 wird der j\u00e4hrliche Laternenumzug der Kinder im Oktober\/November organisiert.<\/p>\n\n\n\n<p class=\"has-text-align-center\">Hinzugekommen ist das Ausschie\u00dfen eines Feuerwehrk\u00f6nigs anl\u00e4sslich des \u00f6rtlichen Volksfestes. Der erste Feuerwehrk\u00f6nig im Jahre 2014 wurde Norbert Schuh.<\/p>\n\n\n\n<p class=\"has-text-align-center\">&#8230;so sieht es aus, wenn der Feuerwehrk\u00f6nig gefeiert wird.<\/p>\n\n\n\n<figure class=\"wp-block-image size-full\"><a href=\"https:\/\/moedesse.de\/wp-content\/uploads\/2018\/09\/2015-Volksfest-M\u00f6desse-238-Marvin-B\u00fchrke.jpg\"><img loading=\"lazy\" decoding=\"async\" width=\"950\" height=\"712\" src=\"https:\/\/moedesse.de\/wp-content\/uploads\/2018\/09\/2015-Volksfest-M\u00f6desse-238-Marvin-B\u00fchrke.jpg\" alt=\"\" class=\"wp-image-1322\" srcset=\"https:\/\/moedesse.de\/wp-content\/uploads\/2018\/09\/2015-Volksfest-M\u00f6desse-238-Marvin-B\u00fchrke.jpg 950w, https:\/\/moedesse.de\/wp-content\/uploads\/2018\/09\/2015-Volksfest-M\u00f6desse-238-Marvin-B\u00fchrke-300x225.jpg 300w, https:\/\/moedesse.de\/wp-content\/uploads\/2018\/09\/2015-Volksfest-M\u00f6desse-238-Marvin-B\u00fchrke-768x576.jpg 768w, https:\/\/moedesse.de\/wp-content\/uploads\/2018\/09\/2015-Volksfest-M\u00f6desse-238-Marvin-B\u00fchrke-400x300.jpg 400w\" sizes=\"auto, (max-width: 950px) 100vw, 950px\" \/><\/a><\/figure>\n\n\n\n<figure class=\"wp-block-image size-full\"><a href=\"https:\/\/moedesse.de\/wp-content\/uploads\/2018\/09\/2015-Volksfest-M\u00f6desse-143-Sonnag-Umzug.jpg\"><img loading=\"lazy\" decoding=\"async\" width=\"947\" height=\"602\" src=\"https:\/\/moedesse.de\/wp-content\/uploads\/2018\/09\/2015-Volksfest-M\u00f6desse-143-Sonnag-Umzug.jpg\" alt=\"\" class=\"wp-image-1323\" srcset=\"https:\/\/moedesse.de\/wp-content\/uploads\/2018\/09\/2015-Volksfest-M\u00f6desse-143-Sonnag-Umzug.jpg 947w, https:\/\/moedesse.de\/wp-content\/uploads\/2018\/09\/2015-Volksfest-M\u00f6desse-143-Sonnag-Umzug-300x191.jpg 300w, https:\/\/moedesse.de\/wp-content\/uploads\/2018\/09\/2015-Volksfest-M\u00f6desse-143-Sonnag-Umzug-768x488.jpg 768w, https:\/\/moedesse.de\/wp-content\/uploads\/2018\/09\/2015-Volksfest-M\u00f6desse-143-Sonnag-Umzug-472x300.jpg 472w\" sizes=\"auto, (max-width: 947px) 100vw, 947px\" \/><\/a><\/figure>\n\n\n\n<p class=\"has-text-align-center\">Wenn bei anderen Dorfveranstaltungen Unterst\u00fctzung ben\u00f6tigt wird, ist die Freiwillige Feuerwehr M\u00f6desse immer zur Stelle. Einmal im Jahr wird ein \u201eBetriebsausflug\u201c unternommen. Im sportlichen Vergleich der Wehren wurden auf Gemeinde- und Kreisebene, aber auch auf Bezirksebene, sehr gute Ergebnisse erzielt.<\/p>\n\n\n\n<p class=\"has-text-align-center\">Bisheriger H\u00f6hepunkt war der Gewinn der Bezirksmeisterschaften im Jahr 1977. Dreimal wurden beim Landesentscheid mittlere Pl\u00e4tze belegt. F\u00fcr die Feuerwehr einer so kleinen Ortschaft wie M\u00f6desse ein beachtlicher Erfolg.<\/p>\n\n\n\n<p class=\"has-text-align-center\">Im September des Jahres 2009 feierte die Freiwillige Feuerwehr M\u00f6desse das Jubil\u00e4um zu ihrem 75-j\u00e4hrigen Bestehen. Zu diesem Jubil\u00e4um wurde ein Jubil\u00e4umsk\u00f6nig ausgeschossen. Den besten Schuss gab Wilfried Sch\u00f6nfeld ab. Er erhielt die erste Scheibe.<\/p>\n\n\n<div class=\"wp-block-image\">\n<figure class=\"aligncenter size-full is-resized\"><a href=\"https:\/\/moedesse.de\/wp-content\/uploads\/2018\/10\/1984-Jubi-K\u00f6nig-Feuerwehr-.jpg\"><img loading=\"lazy\" decoding=\"async\" width=\"690\" height=\"572\" src=\"https:\/\/moedesse.de\/wp-content\/uploads\/2018\/10\/1984-Jubi-K\u00f6nig-Feuerwehr-.jpg\" alt=\"\" class=\"wp-image-1371\" style=\"width:427px;height:auto\" srcset=\"https:\/\/moedesse.de\/wp-content\/uploads\/2018\/10\/1984-Jubi-K\u00f6nig-Feuerwehr-.jpg 690w, https:\/\/moedesse.de\/wp-content\/uploads\/2018\/10\/1984-Jubi-K\u00f6nig-Feuerwehr--300x249.jpg 300w, https:\/\/moedesse.de\/wp-content\/uploads\/2018\/10\/1984-Jubi-K\u00f6nig-Feuerwehr--362x300.jpg 362w\" sizes=\"auto, (max-width: 690px) 100vw, 690px\" \/><\/a><\/figure><\/div>\n\n\n<p class=\"has-text-align-center\">25 Jahre sp\u00e4ter, zum 75igsten Jubil\u00e4um im Jahre 2009 errang die K\u00f6nigsw\u00fcrde Frank Hansen. Beide Scheiben sind im Feuerwehrger\u00e4tehaus zu sehen.<\/p>\n\n\n<div class=\"wp-block-image\">\n<figure class=\"aligncenter size-full is-resized\"><a href=\"https:\/\/moedesse.de\/wp-content\/uploads\/2018\/10\/2009-Jubi-K\u00f6nig-Feuerwehr.jpg\"><img loading=\"lazy\" decoding=\"async\" width=\"702\" height=\"617\" src=\"https:\/\/moedesse.de\/wp-content\/uploads\/2018\/10\/2009-Jubi-K\u00f6nig-Feuerwehr.jpg\" alt=\"\" class=\"wp-image-1372\" style=\"width:422px;height:auto\" srcset=\"https:\/\/moedesse.de\/wp-content\/uploads\/2018\/10\/2009-Jubi-K\u00f6nig-Feuerwehr.jpg 702w, https:\/\/moedesse.de\/wp-content\/uploads\/2018\/10\/2009-Jubi-K\u00f6nig-Feuerwehr-300x264.jpg 300w, https:\/\/moedesse.de\/wp-content\/uploads\/2018\/10\/2009-Jubi-K\u00f6nig-Feuerwehr-341x300.jpg 341w\" sizes=\"auto, (max-width: 702px) 100vw, 702px\" \/><\/a><\/figure><\/div>\n\n\n<p><\/p>\n\n\n\n<p class=\"has-text-align-center\"><strong>Geschichtliches zur Gr\u00fcndung der Feuerwehr M\u00f6desse<\/strong><\/p>\n\n\n\n<p class=\"has-text-align-center\">Im September 1934 fand in der damals noch eigenst\u00e4ndigen Gemeinde M\u00f6desse die Gr\u00fcndungssitzung statt. 31 M\u00f6desser haben sich als Gr\u00fcndungsmitglieder eingeschrieben. Erich Grove wurde als erster Brandmeister gew\u00e4hlt. Die erste, eine gebrauchte, Feuerwehrspritze mit Schl\u00e4uchen wurde dann im Jahr 1935 angeschafft. Es war eine Handpumpspritze, die mit acht Mann bedient werden musste. Spritze und Schl\u00e4uche wurden f\u00fcr 300 R-Mark der Feuerwehr in Solschen abgekauft und mit zwei Pferden dort abgeholt. Als Unterstand stellte Erich Grove einen Holzschuppen hinter dem Schie\u00dfstand auf seinem Grundst\u00fcck, im W\u00e4ldchen gegen\u00fcber dem L\u00f6schteich, zur Verf\u00fcgung.<\/p>\n\n\n<div class=\"wp-block-image\">\n<figure class=\"aligncenter size-full\"><a href=\"https:\/\/moedesse.de\/wp-content\/uploads\/2013\/04\/droppedImage_31.jpg\"><img loading=\"lazy\" decoding=\"async\" width=\"302\" height=\"251\" src=\"https:\/\/moedesse.de\/wp-content\/uploads\/2013\/04\/droppedImage_31.jpg\" alt=\"\" class=\"wp-image-39\" srcset=\"https:\/\/moedesse.de\/wp-content\/uploads\/2013\/04\/droppedImage_31.jpg 302w, https:\/\/moedesse.de\/wp-content\/uploads\/2013\/04\/droppedImage_31-300x249.jpg 300w\" sizes=\"auto, (max-width: 302px) 100vw, 302px\" \/><\/a><\/figure><\/div>\n\n\n<p>Die R\u00e4umlichkeiten der Freiwilligen Feuerwehr M\u00f6desse sind seit 1997 in das durch Eigenleistung einiger M\u00f6desser neu erbaute Dorfgemeinschaftshaus integriert. Der angrenzende Platz bietet ausreichend Raum f\u00fcr \u00dcbungen und Veranstaltungen.<\/p>\n\n\n\n<p>Das zweite Feuerwehrger\u00e4tehaus als erstes Geb\u00e4ude am Twerkamp. Ein Foto des ersten Ger\u00e4tehauses am Teichweg ist leider nicht erhalten.<\/p>\n\n\n<div class=\"wp-block-image\">\n<figure class=\"aligncenter size-full\"><a href=\"https:\/\/moedesse.de\/wp-content\/uploads\/2013\/04\/droppedImage_41.jpg\"><img loading=\"lazy\" decoding=\"async\" width=\"300\" height=\"173\" src=\"https:\/\/moedesse.de\/wp-content\/uploads\/2013\/04\/droppedImage_41.jpg\" alt=\"\" class=\"wp-image-41\"\/><\/a><\/figure><\/div>\n\n\n<p class=\"has-text-align-center\">Mit diesem alten Horn wurde bis in die 50er Jahre in M\u00f6desse zum Einsatz geblasen.<\/p>\n\n\n\n<p><\/p>\n","protected":false},"excerpt":{"rendered":"<p>Kontaktadresse: Ortsbrandmeister Nico Heuer Buchenkamp 1 31234 Edemissen Mobil: 0177-2475150 stellvertretender Ortsbrandmeister Thomas Grunert Papenkamp 9 31234 Edemissen Mobil: 0170-4612078 Aktuelles aktuelle Info: Zitat aus der PAZ vom 17.05.2018 Feuerwehrleute d\u00fcrfen bis 67 Jahre im Einsatz sein &#8222;Die Altersgrenze f\u00fcr &hellip; <a href=\"https:\/\/www.moedesse.de\/?page_id=35\">Weiterlesen <span class=\"meta-nav\">&rarr;<\/span><\/a><\/p>\n","protected":false},"author":1,"featured_media":0,"parent":0,"menu_order":0,"comment_status":"closed","ping_status":"closed","template":"","meta":{"_EventAllDay":false,"_EventTimezone":"","_EventStartDate":"","_EventEndDate":"","_EventStartDateUTC":"","_EventEndDateUTC":"","_EventShowMap":false,"_EventShowMapLink":false,"_EventURL":"","_EventCost":"","_EventCostDescription":"","_EventCurrencySymbol":"","_EventCurrencyCode":"","_EventCurrencyPosition":"","_EventDateTimeSeparator":"","_EventTimeRangeSeparator":"","_EventOrganizerID":[],"_EventVenueID":[],"_OrganizerEmail":"","_OrganizerPhone":"","_OrganizerWebsite":"","_VenueAddress":"","_VenueCity":"","_VenueCountry":"","_VenueProvince":"","_VenueState":"","_VenueZip":"","_VenuePhone":"","_VenueURL":"","_VenueStateProvince":"","_VenueLat":"","_VenueLng":"","_VenueShowMap":false,"_VenueShowMapLink":false,"footnotes":""},"class_list":["post-35","page","type-page","status-publish","hentry"],"_links":{"self":[{"href":"https:\/\/www.moedesse.de\/index.php?rest_route=\/wp\/v2\/pages\/35","targetHints":{"allow":["GET"]}}],"collection":[{"href":"https:\/\/www.moedesse.de\/index.php?rest_route=\/wp\/v2\/pages"}],"about":[{"href":"https:\/\/www.moedesse.de\/index.php?rest_route=\/wp\/v2\/types\/page"}],"author":[{"embeddable":true,"href":"https:\/\/www.moedesse.de\/index.php?rest_route=\/wp\/v2\/users\/1"}],"replies":[{"embeddable":true,"href":"https:\/\/www.moedesse.de\/index.php?rest_route=%2Fwp%2Fv2%2Fcomments&post=35"}],"version-history":[{"count":23,"href":"https:\/\/www.moedesse.de\/index.php?rest_route=\/wp\/v2\/pages\/35\/revisions"}],"predecessor-version":[{"id":2205,"href":"https:\/\/www.moedesse.de\/index.php?rest_route=\/wp\/v2\/pages\/35\/revisions\/2205"}],"wp:attachment":[{"href":"https:\/\/www.moedesse.de\/index.php?rest_route=%2Fwp%2Fv2%2Fmedia&parent=35"}],"curies":[{"name":"wp","href":"https:\/\/api.w.org\/{rel}","templated":true}]}}