{"id":21,"date":"2013-04-02T15:26:07","date_gmt":"2013-04-02T13:26:07","guid":{"rendered":"http:\/\/cdu-peine.de\/moedesse\/de\/?page_id=21"},"modified":"2024-02-15T19:00:57","modified_gmt":"2024-02-15T18:00:57","slug":"firmen","status":"publish","type":"page","link":"https:\/\/www.moedesse.de\/?page_id=21","title":{"rendered":"Unternehmen"},"content":{"rendered":"\n<p class=\"has-text-align-center\"><strong>APPartementWESTiNG.haus<\/strong><\/p>\n\n\n\n<p class=\"has-text-align-center\"><a href=\"https:\/\/westing-haus.com\/Ueber-uns\/\">https:\/\/westing-haus.com\/Ueber-uns\/<\/a><\/p>\n\n\n\n<p class=\"has-text-align-center\">Twerkamp 1131234 Edemissen OT M\u00f6desse<\/p>\n\n\n\n<hr class=\"wp-block-separator has-alpha-channel-opacity\"\/>\n\n\n\n<p class=\"has-text-align-center\"><strong>Fu\u00dfpflege Roswitha V\u00fcst<\/strong> (ehemalige Gastwirtschaft Dieckmann &#8222;Zur Linde&#8220;)<\/p>\n\n\n\n<p class=\"has-text-align-center\">Stederdorfer Stra\u00dfe 7 31234 Edemissen OT M\u00f6desse<\/p>\n\n\n\n<hr class=\"wp-block-separator has-alpha-channel-opacity\"\/>\n\n\n\n<p class=\"has-text-align-center\"><strong>Gest\u00fct M\u00f6desse\/ Einstellpferde <\/strong><\/p>\n\n\n\n<p class=\"has-text-align-center\"><strong>Peter Kabatek<\/strong> (ehemals Hof August Fr\u00f6chling Bj. 1909)<\/p>\n\n\n\n<p class=\"has-text-align-center\">M\u00fcnzstra\u00dfe 10 31234 Edemissen OT M\u00f6desse<\/p>\n\n\n\n<hr class=\"wp-block-separator has-alpha-channel-opacity\"\/>\n\n\n\n<p class=\"has-text-align-center\"><strong>Handwerkservice David Thomar<\/strong> (ehemals Wohnhaus Helmut K\u00f6hler)<\/p>\n\n\n\n<p class=\"has-text-align-center\">M\u00fcnzstra\u00dfe 9, 31234 Edemissen OT M\u00f6desse<\/p>\n\n\n\n<hr class=\"wp-block-separator has-alpha-channel-opacity\"\/>\n\n\n\n<p class=\"has-text-align-center\"><strong>Haus Fiebig &#8222;Der sichere Schulweg&#8220;<\/strong><\/p>\n\n\n\n<p class=\"has-text-align-center\">Rodeweg 6 31234 Edemissen OT M\u00f6desse<\/p>\n\n\n\n<hr class=\"wp-block-separator has-alpha-channel-opacity\"\/>\n\n\n\n<p class=\"has-text-align-center\"><strong>Heilpraktikerin f\u00fcr Psychotherapie Daniela Lindemann<\/strong><\/p>\n\n\n\n<p class=\"has-text-align-center\"><a href=\"https:\/\/www.daniela-lindemann.de\/\">https:\/\/www.daniela-lindemann.de\/<\/a><\/p>\n\n\n\n<p class=\"has-text-align-center\">Zum Neuen Lande 3 31234 Edemissen OT M\u00f6desse<\/p>\n\n\n\n<hr class=\"wp-block-separator has-alpha-channel-opacity\"\/>\n\n\n\n<p class=\"has-text-align-center\"><strong>Hochzeits- und Portraitfotografie &#8211; S\u00f6nke Rathje <\/strong><\/p>\n\n\n\n<p class=\"has-text-align-center\"><a href=\"https:\/\/www.soerapixx.de\/\">https:\/\/www.soerapixx.de\/<\/a><\/p>\n\n\n\n<p class=\"has-text-align-center\">Teichweg 14 31234 Edemissen OT M\u00f6desse<\/p>\n\n\n\n<hr class=\"wp-block-separator has-alpha-channel-opacity\"\/>\n\n\n\n<p class=\"has-text-align-center\"><strong>Immobilien-Service Bremer<\/strong> (ehemals Hof Grove)<\/p>\n\n\n\n<p class=\"has-text-align-center\">M\u00fcnzstra\u00dfe 21 31234 Edemissen OT M\u00f6desse<\/p>\n\n\n\n<hr class=\"wp-block-separator has-alpha-channel-opacity\"\/>\n\n\n\n<p class=\"has-text-align-center\"><strong>Katzenpension &#8222;Fellnase&#8220; &#8211; Petra Behrens<\/strong><\/p>\n\n\n\n<p class=\"has-text-align-center\"><a href=\"https:\/\/www.katzenpension-fellnase.de\/\">https:\/\/www.katzenpension-fellnase.de\/<\/a><\/p>\n\n\n\n<p class=\"has-text-align-center\">Teichweg 1 31234 Edemissen OT M\u00f6desse<\/p>\n\n\n\n<hr class=\"wp-block-separator has-alpha-channel-opacity\"\/>\n\n\n\n<p class=\"has-text-align-center\"><strong>Kfz-Autopflege w111<\/strong> (ehemals Wohnhaus Heitm\u00fcller\/ Grunert) <\/p>\n\n\n\n<p class=\"has-text-align-center\">Stederdorfer Stra\u00dfe 4, 31234 Edemissen OT M\u00f6desse<\/p>\n\n\n\n<hr class=\"wp-block-separator has-alpha-channel-opacity\"\/>\n\n\n<div class=\"wp-block-image\">\n<figure class=\"aligncenter size-full\"><a href=\"https:\/\/moedesse.de\/wp-content\/uploads\/2013\/04\/bodega-pdf.jpg\"><img loading=\"lazy\" decoding=\"async\" width=\"344\" height=\"222\" src=\"https:\/\/moedesse.de\/wp-content\/uploads\/2013\/04\/bodega-pdf.jpg\" alt=\"\" class=\"wp-image-198\" srcset=\"https:\/\/moedesse.de\/wp-content\/uploads\/2013\/04\/bodega-pdf.jpg 344w, https:\/\/moedesse.de\/wp-content\/uploads\/2013\/04\/bodega-pdf-300x193.jpg 300w\" sizes=\"auto, (max-width: 344px) 100vw, 344px\" \/><\/a><\/figure><\/div>\n\n\n<p class=\"has-text-align-center\"><strong>La Bodega &#8211; die spanischen Weine<\/strong><\/p>\n\n\n\n<p class=\"has-text-align-center\"><strong>Dirk Plasberg<\/strong> Twerkamp 9 31234 Edemissen OT M\u00f6desse<\/p>\n\n\n\n<hr class=\"wp-block-separator has-alpha-channel-opacity\"\/>\n\n\n<div class=\"wp-block-image\">\n<figure class=\"aligncenter size-large is-resized\"><a href=\"https:\/\/moedesse.de\/wp-content\/uploads\/2024\/02\/FINAL_Logo_LuYa-Arts-and-Crafts_farbig.png\"><img loading=\"lazy\" decoding=\"async\" width=\"1024\" height=\"1024\" src=\"https:\/\/moedesse.de\/wp-content\/uploads\/2024\/02\/FINAL_Logo_LuYa-Arts-and-Crafts_farbig-1024x1024.png\" alt=\"\" class=\"wp-image-2159\" style=\"width:224px;height:auto\" srcset=\"https:\/\/moedesse.de\/wp-content\/uploads\/2024\/02\/FINAL_Logo_LuYa-Arts-and-Crafts_farbig-1024x1024.png 1024w, https:\/\/moedesse.de\/wp-content\/uploads\/2024\/02\/FINAL_Logo_LuYa-Arts-and-Crafts_farbig-300x300.png 300w, https:\/\/moedesse.de\/wp-content\/uploads\/2024\/02\/FINAL_Logo_LuYa-Arts-and-Crafts_farbig-150x150.png 150w, https:\/\/moedesse.de\/wp-content\/uploads\/2024\/02\/FINAL_Logo_LuYa-Arts-and-Crafts_farbig-768x768.png 768w, https:\/\/moedesse.de\/wp-content\/uploads\/2024\/02\/FINAL_Logo_LuYa-Arts-and-Crafts_farbig-1536x1536.png 1536w, https:\/\/moedesse.de\/wp-content\/uploads\/2024\/02\/FINAL_Logo_LuYa-Arts-and-Crafts_farbig-2048x2048.png 2048w\" sizes=\"auto, (max-width: 1024px) 100vw, 1024px\" \/><\/a><\/figure><\/div>\n\n\n<p class=\"has-text-align-center\"><strong>LuYa Arts and Cards &#8211; handgemachte Papeterie und Geschenkideen<\/strong> <\/p>\n\n\n\n<p class=\"has-text-align-center\"><a href=\"https:\/\/www.luya-arts-and-cards.de\">https:\/\/www.luya-arts-and-cards.de<\/a><\/p>\n\n\n\n<p class=\"has-text-align-center\"><strong>Stephanie Lindner<\/strong> Stederdorfer Stra\u00dfe 15 a, 31234 Edemissen OT M\u00f6desse<\/p>\n\n\n\n<hr class=\"wp-block-separator has-alpha-channel-opacity\"\/>\n\n\n\n<p class=\"has-text-align-center\"><strong>Malermeister Himstedt GmbH (ehemals Hof Frickmann)<\/strong><\/p>\n\n\n\n<p class=\"has-text-align-center\">Rodeweg 2 31234 Edemissen OT M\u00f6desse<\/p>\n\n\n\n<hr class=\"wp-block-separator has-alpha-channel-opacity\"\/>\n\n\n<div class=\"wp-block-image\">\n<figure class=\"aligncenter size-full\"><a href=\"https:\/\/moedesse.de\/wp-content\/uploads\/2013\/04\/droppedImage_9.png\"><img loading=\"lazy\" decoding=\"async\" width=\"340\" height=\"220\" src=\"https:\/\/moedesse.de\/wp-content\/uploads\/2013\/04\/droppedImage_9.png\" alt=\"\" class=\"wp-image-202\" srcset=\"https:\/\/moedesse.de\/wp-content\/uploads\/2013\/04\/droppedImage_9.png 340w, https:\/\/moedesse.de\/wp-content\/uploads\/2013\/04\/droppedImage_9-300x194.png 300w\" sizes=\"auto, (max-width: 340px) 100vw, 340px\" \/><\/a><\/figure><\/div>\n\n\n<p class=\"has-text-align-center\"><strong>Rainer Stephan &#8211; Reiki-Meister und Lehrer &#8211;<\/strong> <a href=\"https:\/\/www.rainer-stephan.de\/\">https:\/\/www.rainer-stephan.de\/<\/a><\/p>\n\n\n\n<p class=\"has-text-align-center\">Twerkamp 4, 31234 Edemissen OT M\u00f6desse<\/p>\n\n\n\n<hr class=\"wp-block-separator has-alpha-channel-opacity\"\/>\n\n\n<div class=\"wp-block-image\">\n<figure class=\"aligncenter size-large\"><a href=\"https:\/\/moedesse.de\/wp-content\/uploads\/2022\/09\/Risco-Hundemaentel.png\"><img loading=\"lazy\" decoding=\"async\" width=\"1024\" height=\"190\" src=\"https:\/\/moedesse.de\/wp-content\/uploads\/2022\/09\/Risco-Hundemaentel-1024x190.png\" alt=\"\" class=\"wp-image-1975\" srcset=\"https:\/\/moedesse.de\/wp-content\/uploads\/2022\/09\/Risco-Hundemaentel-1024x190.png 1024w, https:\/\/moedesse.de\/wp-content\/uploads\/2022\/09\/Risco-Hundemaentel-300x56.png 300w, https:\/\/moedesse.de\/wp-content\/uploads\/2022\/09\/Risco-Hundemaentel-768x142.png 768w, https:\/\/moedesse.de\/wp-content\/uploads\/2022\/09\/Risco-Hundemaentel-500x93.png 500w, https:\/\/moedesse.de\/wp-content\/uploads\/2022\/09\/Risco-Hundemaentel.png 1063w\" sizes=\"auto, (max-width: 1024px) 100vw, 1024px\" \/><\/a><\/figure><\/div>\n\n\n<p class=\"has-text-align-center\"><strong>Risco &#8211; what else? Hundem\u00e4ntel<\/strong> <strong>mit Herz &#8211; Melanie Feyli<\/strong>   <\/p>\n\n\n\n<p class=\"has-text-align-center\"><a href=\"https:\/\/www.risco-hundemaentel.de\/\">https:\/\/www.risco-hundemaentel.de\/<\/a><\/p>\n\n\n\n<p class=\"has-text-align-center\">M\u00fcnzstra\u00dfe 13 31234 Edemissen OT M\u00f6desse<\/p>\n\n\n\n<hr class=\"wp-block-separator has-alpha-channel-opacity\"\/>\n\n\n\n<p class=\"has-text-align-center\"><strong>SH Baumf\u00e4llung &amp; Hausservice\u00a0<\/strong>Kevin Seegert<\/p>\n\n\n\n<p class=\"has-text-align-center\">M\u00fcnzstra\u00dfe 22 31234 Edemissen OT M\u00f6desse<\/p>\n\n\n\n<hr class=\"wp-block-separator has-alpha-channel-opacity\"\/>\n\n\n\n<p class=\"has-text-align-center\"><strong>Tinas M\u00e4usebande &#8211; Tagesmutter Bettina Heuer<\/strong> (Hofstelle Heuer, ehemalige Gastwirtschaft &#8222;Brauner B\u00e4r&#8220;)<\/p>\n\n\n\n<p class=\"has-text-align-center\">Stederdorfer Stra\u00dfe 27 31234 Edemissen OT M\u00f6desse<\/p>\n\n\n\n<hr class=\"wp-block-separator has-alpha-channel-opacity\"\/>\n\n\n<div class=\"wp-block-image\">\n<figure class=\"aligncenter size-full is-resized\"><a href=\"https:\/\/moedesse.de\/wp-content\/uploads\/2024\/02\/Logo-jpg.jpg\"><img loading=\"lazy\" decoding=\"async\" width=\"500\" height=\"500\" src=\"https:\/\/moedesse.de\/wp-content\/uploads\/2024\/02\/Logo-jpg.jpg\" alt=\"\" class=\"wp-image-2161\" style=\"width:228px;height:auto\" srcset=\"https:\/\/moedesse.de\/wp-content\/uploads\/2024\/02\/Logo-jpg.jpg 500w, https:\/\/moedesse.de\/wp-content\/uploads\/2024\/02\/Logo-jpg-300x300.jpg 300w, https:\/\/moedesse.de\/wp-content\/uploads\/2024\/02\/Logo-jpg-150x150.jpg 150w\" sizes=\"auto, (max-width: 500px) 100vw, 500px\" \/><\/a><\/figure><\/div>\n\n\n<p class=\"has-text-align-center\"><strong>virtuelle Assistenz Stephanie Lindner<\/strong> &#8211; <a href=\"https:\/\/va-lindner.de\">https:\/\/va-lindner.de<\/a><\/p>\n\n\n\n<p class=\"has-text-align-center\">Stederdorfer Stra\u00dfe 15 a 31234 Edemissen OT M\u00f6desse<\/p>\n\n\n\n<hr class=\"wp-block-separator has-alpha-channel-opacity\"\/>\n","protected":false},"excerpt":{"rendered":"<p>APPartementWESTiNG.haus https:\/\/westing-haus.com\/Ueber-uns\/ Twerkamp 1131234 Edemissen OT M\u00f6desse Fu\u00dfpflege Roswitha V\u00fcst (ehemalige Gastwirtschaft Dieckmann &#8222;Zur Linde&#8220;) Stederdorfer Stra\u00dfe 7 31234 Edemissen OT M\u00f6desse Gest\u00fct M\u00f6desse\/ Einstellpferde Peter Kabatek (ehemals Hof August Fr\u00f6chling Bj. 1909) M\u00fcnzstra\u00dfe 10 31234 Edemissen OT M\u00f6desse Handwerkservice &hellip; <a href=\"https:\/\/www.moedesse.de\/?page_id=21\">Weiterlesen <span class=\"meta-nav\">&rarr;<\/span><\/a><\/p>\n","protected":false},"author":1,"featured_media":0,"parent":0,"menu_order":0,"comment_status":"closed","ping_status":"closed","template":"","meta":{"_EventAllDay":false,"_EventTimezone":"","_EventStartDate":"","_EventEndDate":"","_EventStartDateUTC":"","_EventEndDateUTC":"","_EventShowMap":false,"_EventShowMapLink":false,"_EventURL":"","_EventCost":"","_EventCostDescription":"","_EventCurrencySymbol":"","_EventCurrencyCode":"","_EventCurrencyPosition":"","_EventDateTimeSeparator":"","_EventTimeRangeSeparator":"","_EventOrganizerID":[],"_EventVenueID":[],"_OrganizerEmail":"","_OrganizerPhone":"","_OrganizerWebsite":"","_VenueAddress":"","_VenueCity":"","_VenueCountry":"","_VenueProvince":"","_VenueState":"","_VenueZip":"","_VenuePhone":"","_VenueURL":"","_VenueStateProvince":"","_VenueLat":"","_VenueLng":"","_VenueShowMap":false,"_VenueShowMapLink":false,"footnotes":""},"class_list":["post-21","page","type-page","status-publish","hentry"],"_links":{"self":[{"href":"https:\/\/www.moedesse.de\/index.php?rest_route=\/wp\/v2\/pages\/21","targetHints":{"allow":["GET"]}}],"collection":[{"href":"https:\/\/www.moedesse.de\/index.php?rest_route=\/wp\/v2\/pages"}],"about":[{"href":"https:\/\/www.moedesse.de\/index.php?rest_route=\/wp\/v2\/types\/page"}],"author":[{"embeddable":true,"href":"https:\/\/www.moedesse.de\/index.php?rest_route=\/wp\/v2\/users\/1"}],"replies":[{"embeddable":true,"href":"https:\/\/www.moedesse.de\/index.php?rest_route=%2Fwp%2Fv2%2Fcomments&post=21"}],"version-history":[{"count":18,"href":"https:\/\/www.moedesse.de\/index.php?rest_route=\/wp\/v2\/pages\/21\/revisions"}],"predecessor-version":[{"id":2171,"href":"https:\/\/www.moedesse.de\/index.php?rest_route=\/wp\/v2\/pages\/21\/revisions\/2171"}],"wp:attachment":[{"href":"https:\/\/www.moedesse.de\/index.php?rest_route=%2Fwp%2Fv2%2Fmedia&parent=21"}],"curies":[{"name":"wp","href":"https:\/\/api.w.org\/{rel}","templated":true}]}}