{"id":2,"date":"2013-03-31T19:43:05","date_gmt":"2013-03-31T17:43:05","guid":{"rendered":"http:\/\/cdu-peine.de\/moedesse\/de\/?page_id=2"},"modified":"2025-01-13T16:12:43","modified_gmt":"2025-01-13T15:12:43","slug":"beispiel-seite","status":"publish","type":"page","link":"https:\/\/www.moedesse.de\/","title":{"rendered":"Startseite"},"content":{"rendered":"<div id=\"id3\">\n<h2 style=\"text-align: center;\"><a href=\"http:\/\/moedesse.de\/wp-content\/uploads\/2013\/03\/droppedImage_4.png\"><img loading=\"lazy\" decoding=\"async\" class=\"alignnone size-full wp-image-7\" src=\"http:\/\/moedesse.de\/wp-content\/uploads\/2013\/03\/droppedImage_4.png\" alt=\"droppedImage_4\" width=\"583\" height=\"99\" srcset=\"https:\/\/moedesse.de\/wp-content\/uploads\/2013\/03\/droppedImage_4.png 583w, https:\/\/moedesse.de\/wp-content\/uploads\/2013\/03\/droppedImage_4-300x50.png 300w\" sizes=\"auto, (max-width: 583px) 100vw, 583px\" \/><\/a><\/h2>\n<p>M\u00f6desse ist eine kleine Ortschaft der Gemeinde Edemissen im Norden des Landkreises Peine. Die Umgebung ist durch Landwirtschaft und Wald gepr\u00e4gt. Ein gut ausgebautes Radwegenetz verbindet M\u00f6desse mit der Kreisstadt Peine und dem Zentralort Edemissen. Obwohl abseits der gro\u00dfen Verkehrswege gelegen, befindet sich unser Heimatort doch in einer regional zentralen Lage zwischen Heide und Harz, Hannover und Braunschweig. Die nur f\u00fcnf Kilometer entfernte Kreisstadt Peine liegt direkt an der A2, der Bahnstrecke Hannover \u2013 Berlin und dem Mittellandkanal.<\/p>\n<p><a href=\"http:\/\/moedesse.de\/wp-content\/uploads\/2013\/03\/droppedImage1.jpg\"><img loading=\"lazy\" decoding=\"async\" class=\"alignnone size-full wp-image-6\" src=\"http:\/\/moedesse.de\/wp-content\/uploads\/2013\/03\/droppedImage1.jpg\" alt=\"Moedesse\" width=\"543\" height=\"363\" srcset=\"https:\/\/moedesse.de\/wp-content\/uploads\/2013\/03\/droppedImage1.jpg 543w, https:\/\/moedesse.de\/wp-content\/uploads\/2013\/03\/droppedImage1-300x200.jpg 300w\" sizes=\"auto, (max-width: 543px) 100vw, 543px\" \/><\/a><\/p>\n<\/div>\n<p>Das ehemals rein landwirtschaftlich gepr\u00e4gte Dorf hat sich im Laufe der letzten Jahrzehnte immer mehr zu einem \u201eWohndorf\u201c entwickelt. Diese Entwicklung begann, wie wohl in sehr vielen D\u00f6rfern im Westen Deutschlands, bereits nach dem zweiten Weltkrieg mit dem Zuzug vieler Vertriebener und Fl\u00fcchtlinge. Ein in den letzten Jahren entstandenes, abseits der Hauptverkehrsstra\u00dfe gelegenes Wohngebiet beg\u00fcnstigte diesen Trend. Viele junge Familien mit Kindern konnten hier ihr neues Zuhause finden. Zwischenzeitlich (2018) wurden auch einige Baul\u00fccken geschlossen und mit Einfamilienh\u00e4usern bebaut. Derzeit bewegt sich die Einwohnerzahl zwischen 410 und 430 Personen. Der M\u00f6desser Gemeinderat beschloss im Jahr 1950 das Wappen. Der hildesheimische Regierungspr\u00e4sident genehmigte es im Jahr 1951. Der offizielle Begr\u00fcndungstext lautet wie folgt: Der M\u00f6desser M\u00fcnzfund (etwa 3000 Brakteaten) von 1890 geh\u00f6rt zu bedeutungsvollsten Funden seiner Art. Die etwa im Jahre 1300 in die Erde gekommenen M\u00fcnzen sind vor allem Braunschweig \u2013 L\u00fcneburgischer und Hildesheimischer Herkunft. Die Farben Blau und Gold weisen auf die fr\u00fchere Zugeh\u00f6rigkeit des Ortes zum Herzogtum Braunschweig \u2013 L\u00fcneburg hin.<\/p>\n<p>Im Jahre 2013 konnte das Dorf sein 600j\u00e4hriges Bestehen feiern. Es gab einen Dorfflohmarkt auf dem Gel\u00e4nde am Dorfgemeinschaftshaus, ein Gedenkstein wurde gesetzt und eingeweiht, eine Krokuspflanzaktion rund um den Gedenkstein wurde gestartet, Dorfschilder wurden aufgestellt und um die W\u00fcrde des Jubil\u00e4umsk\u00f6nigs wurde per Vogelstechen gek\u00e4mpft. Jubil\u00e4umsk\u00f6nig wurde Dirk Puschmann.<\/p>\n<p style=\"text-align: center;\"><a href=\"http:\/\/moedesse.de\/wp-content\/uploads\/2018\/09\/2013-Sonntag-Umzug-100-Puschmann.jpg\"><img loading=\"lazy\" decoding=\"async\" class=\"wp-image-1347 aligncenter\" src=\"http:\/\/moedesse.de\/wp-content\/uploads\/2018\/09\/2013-Sonntag-Umzug-100-Puschmann-193x300.jpg\" alt=\"\" width=\"87\" height=\"132\" \/><\/a><a href=\"http:\/\/moedesse.de\/wp-content\/uploads\/2018\/09\/2013-Sonntag-Umzug-100-Puschmann.jpg\">Jubil\u00e4umsk\u00f6nig Dirk Puschmann<\/a><\/p>\n<p style=\"text-align: center;\"><a href=\"http:\/\/moedesse.de\/wp-content\/uploads\/2018\/09\/2013-Jubil\u00e4umsscheibe-1.jpg\"><img loading=\"lazy\" decoding=\"async\" class=\"wp-image-1346 aligncenter\" src=\"http:\/\/moedesse.de\/wp-content\/uploads\/2018\/09\/2013-Jubil\u00e4umsscheibe-1-300x271.jpg\" alt=\"\" width=\"136\" height=\"124\" srcset=\"https:\/\/moedesse.de\/wp-content\/uploads\/2018\/09\/2013-Jubil\u00e4umsscheibe-1-300x271.jpg 300w, https:\/\/moedesse.de\/wp-content\/uploads\/2018\/09\/2013-Jubil\u00e4umsscheibe-1-332x300.jpg 332w, https:\/\/moedesse.de\/wp-content\/uploads\/2018\/09\/2013-Jubil\u00e4umsscheibe-1.jpg 550w\" sizes=\"auto, (max-width: 136px) 100vw, 136px\" \/>Jubil\u00e4umsscheibe mit M\u00f6desser Wappen<\/a><\/p>\n","protected":false},"excerpt":{"rendered":"<p>M\u00f6desse ist eine kleine Ortschaft der Gemeinde Edemissen im Norden des Landkreises Peine. Die Umgebung ist durch Landwirtschaft und Wald gepr\u00e4gt. Ein gut ausgebautes Radwegenetz verbindet M\u00f6desse mit der Kreisstadt Peine und dem Zentralort Edemissen. Obwohl abseits der gro\u00dfen Verkehrswege &hellip; <a href=\"https:\/\/www.moedesse.de\/\">Weiterlesen <span class=\"meta-nav\">&rarr;<\/span><\/a><\/p>\n","protected":false},"author":1,"featured_media":0,"parent":0,"menu_order":0,"comment_status":"closed","ping_status":"closed","template":"sidebar-page.php","meta":{"_EventAllDay":false,"_EventTimezone":"","_EventStartDate":"","_EventEndDate":"","_EventStartDateUTC":"","_EventEndDateUTC":"","_EventShowMap":false,"_EventShowMapLink":false,"_EventURL":"","_EventCost":"","_EventCostDescription":"","_EventCurrencySymbol":"","_EventCurrencyCode":"","_EventCurrencyPosition":"","_EventDateTimeSeparator":"","_EventTimeRangeSeparator":"","_EventOrganizerID":[],"_EventVenueID":[],"_OrganizerEmail":"","_OrganizerPhone":"","_OrganizerWebsite":"","_VenueAddress":"","_VenueCity":"","_VenueCountry":"","_VenueProvince":"","_VenueState":"","_VenueZip":"","_VenuePhone":"","_VenueURL":"","_VenueStateProvince":"","_VenueLat":"","_VenueLng":"","_VenueShowMap":false,"_VenueShowMapLink":false,"footnotes":""},"class_list":["post-2","page","type-page","status-publish","hentry"],"_links":{"self":[{"href":"https:\/\/www.moedesse.de\/index.php?rest_route=\/wp\/v2\/pages\/2","targetHints":{"allow":["GET"]}}],"collection":[{"href":"https:\/\/www.moedesse.de\/index.php?rest_route=\/wp\/v2\/pages"}],"about":[{"href":"https:\/\/www.moedesse.de\/index.php?rest_route=\/wp\/v2\/types\/page"}],"author":[{"embeddable":true,"href":"https:\/\/www.moedesse.de\/index.php?rest_route=\/wp\/v2\/users\/1"}],"replies":[{"embeddable":true,"href":"https:\/\/www.moedesse.de\/index.php?rest_route=%2Fwp%2Fv2%2Fcomments&post=2"}],"version-history":[{"count":29,"href":"https:\/\/www.moedesse.de\/index.php?rest_route=\/wp\/v2\/pages\/2\/revisions"}],"predecessor-version":[{"id":2355,"href":"https:\/\/www.moedesse.de\/index.php?rest_route=\/wp\/v2\/pages\/2\/revisions\/2355"}],"wp:attachment":[{"href":"https:\/\/www.moedesse.de\/index.php?rest_route=%2Fwp%2Fv2%2Fmedia&parent=2"}],"curies":[{"name":"wp","href":"https:\/\/api.w.org\/{rel}","templated":true}]}}